{"id":16390,"date":"2024-10-22T23:00:42","date_gmt":"2024-10-22T23:00:42","guid":{"rendered":"https:\/\/nordprojekt.ee\/?post_type=portfolio_page&#038;p=16390"},"modified":"2025-01-23T09:43:50","modified_gmt":"2025-01-23T09:43:50","slug":"mercedes-benzi-tarbesoidukite-muugi-ja-teeninduskeskus","status":"publish","type":"portfolio_page","link":"https:\/\/nordprojekt.ee\/en\/referents\/mercedes-benzi-tarbesoidukite-muugi-ja-teeninduskeskus\/","title":{"rendered":"Mercedes-Benzi tarbes\u00f5idukite m\u00fc\u00fcgi-ja teeninduskeskus"},"content":{"rendered":"<figure class=\"wp-block-table\"><table class=\"has-fixed-layout\"><tbody><tr><td><\/td><\/tr><\/tbody><\/table><\/figure>\n\n\n\n<div class=\"wp-block-columns are-vertically-aligned-top is-layout-flex wp-container-core-columns-is-layout-9d6595d7 wp-block-columns-is-layout-flex\">\n<div class=\"wp-block-column is-vertically-aligned-top is-layout-flow wp-block-column-is-layout-flow\" style=\"flex-basis:100%\">\n<div class=\"wp-block-group\"><div class=\"wp-block-group__inner-container is-layout-constrained wp-block-group-is-layout-constrained\"><\/div><\/div>\n<\/div>\n<\/div>\n\n\n\n<p>Hoone v\u00e4ljendab kaasaegse arhitektuuri puhast ja l\u00e4bim\u00f5eldud elegantsi. Selle kujunduse keskmes on esinduslikkus, millele lisandub praktiline ja sujuvalt toimiv ruumilahendus. Hoone on korraga m\u00fc\u00fcgikeskus nii Mercedese kaubikutele kui veokitele ning samas ka teenindus ja hoolduskeskus. Lisaks hoonele lahendati projekti raames Tooma j\u00e4rve \u00e4\u00e4rne rekreatsiooniala.<br><br>Arhitektuur, sisearhitektuur, maastikuarhitektuur: Nord Projekt<br><br>Tellija: Veho AS<br>Ehitaja: Kaamos<br><br>Fotod v\u00e4ljast: Jan Garsnek<\/p>\n\n\n\n<p>Fotod seest: Helis Mahmastol<\/p>\n\n\n\n<p><\/p>","protected":false},"excerpt":{"rendered":"<p>&#8220;Hoone v\u00e4ljendab kaasaegse arhitektuuri puhast ja l\u00e4bim\u00f5eldud elegantsi. Selle kujunduse keskmes on esinduslikkus, millele lisandub praktiline ja sujuvalt toimiv ruumilahendus. Hoone on korraga m\u00fc\u00fcgikeskus nii Mercedese kaubikutele kui veokitele ning samas ka teenindus ja hoolduskeskus. Lisaks hoonele tuli projekti raames lahendada Tooma j\u00e4rve \u00e4\u00e4rne rekreatsiooniala.<\/p>\n<p>Arhitektuur, sisearhitektuur, maastikuarhitektuur: Nord Projekt<\/p>\n<p>Ehitaja: Kaamos Grupp&#8221;<\/p>","protected":false},"author":1,"featured_media":16503,"menu_order":10,"comment_status":"closed","ping_status":"closed","template":"","portfolio_category":[124,126],"portfolio_tag":[],"class_list":["post-16390","portfolio_page","type-portfolio_page","status-publish","has-post-thumbnail","hentry","portfolio_category-arihooned","portfolio_category-autokeskused"],"yoast_head":"<!-- This site is optimized with the Yoast SEO plugin v27.1.1 - https:\/\/yoast.com\/product\/yoast-seo-wordpress\/ -->\n<title>Mercedes-Benzi tarbes\u00f5idukite m\u00fc\u00fcgi-ja teeninduskeskus - Nordprojekt<\/title>\n<meta name=\"robots\" content=\"noindex, follow\" \/>\n<meta property=\"og:locale\" content=\"en_GB\" \/>\n<meta property=\"og:type\" content=\"article\" \/>\n<meta property=\"og:title\" content=\"Mercedes-Benzi tarbes\u00f5idukite m\u00fc\u00fcgi-ja teeninduskeskus - Nordprojekt\" \/>\n<meta property=\"og:description\" content=\"&quot;Hoone v\u00e4ljendab kaasaegse arhitektuuri puhast ja l\u00e4bim\u00f5eldud elegantsi. Selle kujunduse keskmes on esinduslikkus, millele lisandub praktiline ja sujuvalt toimiv ruumilahendus. Hoone on korraga m\u00fc\u00fcgikeskus nii Mercedese kaubikutele kui veokitele ning samas ka teenindus ja hoolduskeskus. Lisaks hoonele tuli projekti raames lahendada Tooma j\u00e4rve \u00e4\u00e4rne rekreatsiooniala. Arhitektuur, sisearhitektuur, maastikuarhitektuur: Nord Projekt Ehitaja: Kaamos Grupp&quot;\" \/>\n<meta property=\"og:url\" content=\"https:\/\/nordprojekt.ee\/en\/referents\/mercedes-benzi-tarbesoidukite-muugi-ja-teeninduskeskus\/\" \/>\n<meta property=\"og:site_name\" content=\"Nordprojekt\" \/>\n<meta property=\"article:publisher\" content=\"https:\/\/www.facebook.com\/NordProjektAs\/\" \/>\n<meta property=\"article:modified_time\" content=\"2025-01-23T09:43:50+00:00\" \/>\n<meta property=\"og:image\" content=\"https:\/\/nordprojekt.ee\/wp-content\/uploads\/2024\/10\/01-9-scaled.jpg\" \/>\n\t<meta property=\"og:image:width\" content=\"2560\" \/>\n\t<meta property=\"og:image:height\" content=\"1707\" \/>\n\t<meta property=\"og:image:type\" content=\"image\/jpeg\" \/>\n<meta name=\"twitter:card\" content=\"summary_large_image\" \/>\n<meta name=\"twitter:label1\" content=\"Estimated reading time\" \/>\n\t<meta name=\"twitter:data1\" content=\"1 minute\" \/>\n<script type=\"application\/ld+json\" class=\"yoast-schema-graph\">{\"@context\":\"https:\/\/schema.org\",\"@graph\":[{\"@type\":\"WebPage\",\"@id\":\"https:\/\/nordprojekt.ee\/referents\/mercedes-benzi-tarbesoidukite-muugi-ja-teeninduskeskus\/\",\"url\":\"https:\/\/nordprojekt.ee\/referents\/mercedes-benzi-tarbesoidukite-muugi-ja-teeninduskeskus\/\",\"name\":\"Mercedes-Benzi tarbes\u00f5idukite m\u00fc\u00fcgi-ja teeninduskeskus - Nordprojekt\",\"isPartOf\":{\"@id\":\"https:\/\/nordprojekt.ee\/#website\"},\"primaryImageOfPage\":{\"@id\":\"https:\/\/nordprojekt.ee\/referents\/mercedes-benzi-tarbesoidukite-muugi-ja-teeninduskeskus\/#primaryimage\"},\"image\":{\"@id\":\"https:\/\/nordprojekt.ee\/referents\/mercedes-benzi-tarbesoidukite-muugi-ja-teeninduskeskus\/#primaryimage\"},\"thumbnailUrl\":\"https:\/\/nordprojekt.ee\/wp-content\/uploads\/2024\/10\/01-9-scaled.jpg\",\"datePublished\":\"2024-10-22T23:00:42+00:00\",\"dateModified\":\"2025-01-23T09:43:50+00:00\",\"breadcrumb\":{\"@id\":\"https:\/\/nordprojekt.ee\/referents\/mercedes-benzi-tarbesoidukite-muugi-ja-teeninduskeskus\/#breadcrumb\"},\"inLanguage\":\"en-GB\",\"potentialAction\":[{\"@type\":\"ReadAction\",\"target\":[\"https:\/\/nordprojekt.ee\/referents\/mercedes-benzi-tarbesoidukite-muugi-ja-teeninduskeskus\/\"]}]},{\"@type\":\"ImageObject\",\"inLanguage\":\"en-GB\",\"@id\":\"https:\/\/nordprojekt.ee\/referents\/mercedes-benzi-tarbesoidukite-muugi-ja-teeninduskeskus\/#primaryimage\",\"url\":\"https:\/\/nordprojekt.ee\/wp-content\/uploads\/2024\/10\/01-9-scaled.jpg\",\"contentUrl\":\"https:\/\/nordprojekt.ee\/wp-content\/uploads\/2024\/10\/01-9-scaled.jpg\",\"width\":2560,\"height\":1707},{\"@type\":\"BreadcrumbList\",\"@id\":\"https:\/\/nordprojekt.ee\/referents\/mercedes-benzi-tarbesoidukite-muugi-ja-teeninduskeskus\/#breadcrumb\",\"itemListElement\":[{\"@type\":\"ListItem\",\"position\":1,\"name\":\"Home\",\"item\":\"https:\/\/nordprojekt.ee\/\"},{\"@type\":\"ListItem\",\"position\":2,\"name\":\"Portfolio\",\"item\":\"https:\/\/nordprojekt.ee\/referentsid\/\"},{\"@type\":\"ListItem\",\"position\":3,\"name\":\"Mercedes-Benzi tarbes\u00f5idukite m\u00fc\u00fcgi-ja teeninduskeskus\"}]},{\"@type\":\"WebSite\",\"@id\":\"https:\/\/nordprojekt.ee\/#website\",\"url\":\"https:\/\/nordprojekt.ee\/\",\"name\":\"Nordprojekt\",\"description\":\"Parim partner projekteerimises\",\"publisher\":{\"@id\":\"https:\/\/nordprojekt.ee\/#organization\"},\"potentialAction\":[{\"@type\":\"SearchAction\",\"target\":{\"@type\":\"EntryPoint\",\"urlTemplate\":\"https:\/\/nordprojekt.ee\/?s={search_term_string}\"},\"query-input\":{\"@type\":\"PropertyValueSpecification\",\"valueRequired\":true,\"valueName\":\"search_term_string\"}}],\"inLanguage\":\"en-GB\"},{\"@type\":\"Organization\",\"@id\":\"https:\/\/nordprojekt.ee\/#organization\",\"name\":\"Nordprojekt\",\"url\":\"https:\/\/nordprojekt.ee\/\",\"logo\":{\"@type\":\"ImageObject\",\"inLanguage\":\"en-GB\",\"@id\":\"https:\/\/nordprojekt.ee\/#\/schema\/logo\/image\/\",\"url\":\"https:\/\/nordprojekt.ee\/wp-content\/uploads\/2024\/05\/Nord-Projekt-featured-image.jpg\",\"contentUrl\":\"https:\/\/nordprojekt.ee\/wp-content\/uploads\/2024\/05\/Nord-Projekt-featured-image.jpg\",\"width\":841,\"height\":595,\"caption\":\"Nordprojekt\"},\"image\":{\"@id\":\"https:\/\/nordprojekt.ee\/#\/schema\/logo\/image\/\"},\"sameAs\":[\"https:\/\/www.facebook.com\/NordProjektAs\/\",\"https:\/\/www.linkedin.com\/company\/nord-projekt-as\/\"]}]}<\/script>\n<!-- \/ Yoast SEO plugin. -->","yoast_head_json":{"title":"Mercedes-Benzi tarbes\u00f5idukite m\u00fc\u00fcgi-ja teeninduskeskus - Nordprojekt","robots":{"index":"noindex","follow":"follow"},"og_locale":"en_GB","og_type":"article","og_title":"Mercedes-Benzi tarbes\u00f5idukite m\u00fc\u00fcgi-ja teeninduskeskus - Nordprojekt","og_description":"\"Hoone v\u00e4ljendab kaasaegse arhitektuuri puhast ja l\u00e4bim\u00f5eldud elegantsi. Selle kujunduse keskmes on esinduslikkus, millele lisandub praktiline ja sujuvalt toimiv ruumilahendus. Hoone on korraga m\u00fc\u00fcgikeskus nii Mercedese kaubikutele kui veokitele ning samas ka teenindus ja hoolduskeskus. Lisaks hoonele tuli projekti raames lahendada Tooma j\u00e4rve \u00e4\u00e4rne rekreatsiooniala. Arhitektuur, sisearhitektuur, maastikuarhitektuur: Nord Projekt Ehitaja: Kaamos Grupp\"","og_url":"https:\/\/nordprojekt.ee\/en\/referents\/mercedes-benzi-tarbesoidukite-muugi-ja-teeninduskeskus\/","og_site_name":"Nordprojekt","article_publisher":"https:\/\/www.facebook.com\/NordProjektAs\/","article_modified_time":"2025-01-23T09:43:50+00:00","og_image":[{"width":2560,"height":1707,"url":"https:\/\/nordprojekt.ee\/wp-content\/uploads\/2024\/10\/01-9-scaled.jpg","type":"image\/jpeg"}],"twitter_card":"summary_large_image","twitter_misc":{"Estimated reading time":"1 minute"},"schema":{"@context":"https:\/\/schema.org","@graph":[{"@type":"WebPage","@id":"https:\/\/nordprojekt.ee\/referents\/mercedes-benzi-tarbesoidukite-muugi-ja-teeninduskeskus\/","url":"https:\/\/nordprojekt.ee\/referents\/mercedes-benzi-tarbesoidukite-muugi-ja-teeninduskeskus\/","name":"Mercedes-Benzi tarbes\u00f5idukite m\u00fc\u00fcgi-ja teeninduskeskus - Nordprojekt","isPartOf":{"@id":"https:\/\/nordprojekt.ee\/#website"},"primaryImageOfPage":{"@id":"https:\/\/nordprojekt.ee\/referents\/mercedes-benzi-tarbesoidukite-muugi-ja-teeninduskeskus\/#primaryimage"},"image":{"@id":"https:\/\/nordprojekt.ee\/referents\/mercedes-benzi-tarbesoidukite-muugi-ja-teeninduskeskus\/#primaryimage"},"thumbnailUrl":"https:\/\/nordprojekt.ee\/wp-content\/uploads\/2024\/10\/01-9-scaled.jpg","datePublished":"2024-10-22T23:00:42+00:00","dateModified":"2025-01-23T09:43:50+00:00","breadcrumb":{"@id":"https:\/\/nordprojekt.ee\/referents\/mercedes-benzi-tarbesoidukite-muugi-ja-teeninduskeskus\/#breadcrumb"},"inLanguage":"en-GB","potentialAction":[{"@type":"ReadAction","target":["https:\/\/nordprojekt.ee\/referents\/mercedes-benzi-tarbesoidukite-muugi-ja-teeninduskeskus\/"]}]},{"@type":"ImageObject","inLanguage":"en-GB","@id":"https:\/\/nordprojekt.ee\/referents\/mercedes-benzi-tarbesoidukite-muugi-ja-teeninduskeskus\/#primaryimage","url":"https:\/\/nordprojekt.ee\/wp-content\/uploads\/2024\/10\/01-9-scaled.jpg","contentUrl":"https:\/\/nordprojekt.ee\/wp-content\/uploads\/2024\/10\/01-9-scaled.jpg","width":2560,"height":1707},{"@type":"BreadcrumbList","@id":"https:\/\/nordprojekt.ee\/referents\/mercedes-benzi-tarbesoidukite-muugi-ja-teeninduskeskus\/#breadcrumb","itemListElement":[{"@type":"ListItem","position":1,"name":"Home","item":"https:\/\/nordprojekt.ee\/"},{"@type":"ListItem","position":2,"name":"Portfolio","item":"https:\/\/nordprojekt.ee\/referentsid\/"},{"@type":"ListItem","position":3,"name":"Mercedes-Benzi tarbes\u00f5idukite m\u00fc\u00fcgi-ja teeninduskeskus"}]},{"@type":"WebSite","@id":"https:\/\/nordprojekt.ee\/#website","url":"https:\/\/nordprojekt.ee\/","name":"Nordprojekt","description":"Parim partner projekteerimises","publisher":{"@id":"https:\/\/nordprojekt.ee\/#organization"},"potentialAction":[{"@type":"SearchAction","target":{"@type":"EntryPoint","urlTemplate":"https:\/\/nordprojekt.ee\/?s={search_term_string}"},"query-input":{"@type":"PropertyValueSpecification","valueRequired":true,"valueName":"search_term_string"}}],"inLanguage":"en-GB"},{"@type":"Organization","@id":"https:\/\/nordprojekt.ee\/#organization","name":"Nordprojekt","url":"https:\/\/nordprojekt.ee\/","logo":{"@type":"ImageObject","inLanguage":"en-GB","@id":"https:\/\/nordprojekt.ee\/#\/schema\/logo\/image\/","url":"https:\/\/nordprojekt.ee\/wp-content\/uploads\/2024\/05\/Nord-Projekt-featured-image.jpg","contentUrl":"https:\/\/nordprojekt.ee\/wp-content\/uploads\/2024\/05\/Nord-Projekt-featured-image.jpg","width":841,"height":595,"caption":"Nordprojekt"},"image":{"@id":"https:\/\/nordprojekt.ee\/#\/schema\/logo\/image\/"},"sameAs":["https:\/\/www.facebook.com\/NordProjektAs\/","https:\/\/www.linkedin.com\/company\/nord-projekt-as\/"]}]}},"_links":{"self":[{"href":"https:\/\/nordprojekt.ee\/en\/wp-json\/wp\/v2\/portfolio_page\/16390","targetHints":{"allow":["GET"]}}],"collection":[{"href":"https:\/\/nordprojekt.ee\/en\/wp-json\/wp\/v2\/portfolio_page"}],"about":[{"href":"https:\/\/nordprojekt.ee\/en\/wp-json\/wp\/v2\/types\/portfolio_page"}],"author":[{"embeddable":true,"href":"https:\/\/nordprojekt.ee\/en\/wp-json\/wp\/v2\/users\/1"}],"replies":[{"embeddable":true,"href":"https:\/\/nordprojekt.ee\/en\/wp-json\/wp\/v2\/comments?post=16390"}],"wp:featuredmedia":[{"embeddable":true,"href":"https:\/\/nordprojekt.ee\/en\/wp-json\/wp\/v2\/media\/16503"}],"wp:attachment":[{"href":"https:\/\/nordprojekt.ee\/en\/wp-json\/wp\/v2\/media?parent=16390"}],"wp:term":[{"taxonomy":"portfolio_category","embeddable":true,"href":"https:\/\/nordprojekt.ee\/en\/wp-json\/wp\/v2\/portfolio_category?post=16390"},{"taxonomy":"portfolio_tag","embeddable":true,"href":"https:\/\/nordprojekt.ee\/en\/wp-json\/wp\/v2\/portfolio_tag?post=16390"}],"curies":[{"name":"wp","href":"https:\/\/api.w.org\/{rel}","templated":true}]}}